{"id":7259,"date":"2020-06-10T09:30:13","date_gmt":"2020-06-10T12:30:13","guid":{"rendered":"https:\/\/edumais.org\/?page_id=7259"},"modified":"2025-10-07T10:36:03","modified_gmt":"2025-10-07T13:36:03","slug":"voluntarios-edumais-ensine-empodere-e-inspire-jovens-das-favelas-no-rio-de-janeiro","status":"publish","type":"page","link":"https:\/\/edumais.org\/pt-br\/missao\/voluntarios-edumais-ensine-empodere-e-inspire-jovens-das-favelas-no-rio-de-janeiro\/","title":{"rendered":"Nossos Volunt\u00e1rios"},"content":{"rendered":"<div class=\"wpb-content-wrapper\"><p>[vc_row bottom_padding=&#8221;70px&#8221; el_class=&#8221;padding-bottom-10&#8243;][vc_column width=&#8221;1\/2&#8243;]<div class=\"poverty-progress\">\n\t\t\t\t\t<h4>Nossos <span class=\"primary-color text-uppercase\"><b>Volunt\u00e1rios<\/b><\/span><\/h4>\n\t\t\t\t\t<p><\/p>\n\t\t\t   <\/div>\n\t\t\t[vc_column_text]O EduMais n\u00e3o seria nada sem os volunt\u00e1rios incr\u00edveis prontos para dar seu melhor!<\/p>\n<p>Nosso time de volunt\u00e1rios \u00e9 apaixonado por guiar e ensinar crian\u00e7as e adolescentes<\/p>\n<p>Eles s\u00e3o selecionados baseados nas suas cren\u00e7as, for\u00e7as, experi\u00eancias e habilidades educacionais.<\/p>\n<p>O time de volunt\u00e1rios \u00e9 treinado com a Disciplina Positiva pela fundadora do EduMais, Diana Nijboer (Certificada em\u00a0 Disciplina Positiva na sala de aula e Educadora de pais)<\/p>\n<p>Eles criam uma espa\u00e7o de amor e seguran\u00e7a para que as crian\u00e7as explorem, experimentem e aprendam enquanto se sentem conectadas e validadas.<\/p>\n<p><i>Educa\u00e7\u00e3o \u00e9 um ato de amor. Se voluntariar \u00e9 um ato de amor.<\/i>[\/vc_column_text][\/vc_column][vc_column width=&#8221;1\/2&#8243; css=&#8221;.vc_custom_1549284484581{padding-top: 15px !important;}&#8221;][vc_single_image image=&#8221;12600&#8243; img_size=&#8221;500 x 425&#8243; add_caption=&#8221;yes&#8221; alignment=&#8221;right&#8221; css=&#8221;&#8221;][\/vc_column][\/vc_row][vc_row][vc_column][vc_column_text css=&#8221;&#8221;]<\/p>\n<h3 style=\"text-align: center;\">Para ver nossos volunt\u00e1rios atuais e anteriores, <a href=\"https:\/\/edumais.org\/pt-br\/missao\/nossos-voluntarios\/\">clique aqui<\/a><\/h3>\n<p>&nbsp;<\/p>\n<h3 style=\"text-align: center;\">Junte-se a fam\u00edlia EduMais! Se voluntarie de gra\u00e7a no Rio de Janeiro!<\/h3>\n<p style=\"text-align: center;\">Voc\u00ea acredita no poder da educa\u00e7\u00e3o?\u00a0 Voc\u00ea gostaria de fazer a diferen\u00e7a nas vidas da junventude das favelas por meio do trabalho volunt\u00e1rio?<\/p>\n<p style=\"text-align: center;\"><a class=\"btn\" href=\"https:\/\/edumais.org\/pt-br\/?page_id=7324\">SEJA UM VOLUNT\u00c1RIO<\/a><\/p>\n<p>[\/vc_column_text][\/vc_column][\/vc_row][vc_row][vc_column][vc_separator color=&#8221;black&#8221; style=&#8221;shadow&#8221; css=&#8221;.vc_custom_1550255295919{padding-top: 100px !important;}&#8221;][\/vc_column][\/vc_row]<\/p>\n<\/div>","protected":false},"excerpt":{"rendered":"<p>[vc_row bottom_padding=&#8221;70px&#8221; el_class=&#8221;padding-bottom-10&#8243;][vc_column width=&#8221;1\/2&#8243;][vc_column_text]O EduMais n\u00e3o seria nada sem os volunt\u00e1rios incr\u00edveis prontos para dar seu melhor! [&hellip;]<\/p>\n","protected":false},"author":5,"featured_media":0,"parent":6846,"menu_order":0,"comment_status":"closed","ping_status":"closed","template":"","meta":{"give_campaign_id":0,"footnotes":""},"class_list":["post-7259","page","type-page","status-publish","hentry"],"yoast_head":"<!-- This site is optimized with the Yoast SEO plugin v27.4 - https:\/\/yoast.com\/product\/yoast-seo-wordpress\/ -->\n<title>Nossos Volunt\u00e1rios - EduMais<\/title>\n<meta name=\"description\" content=\"Junte-se \u00e0 fam\u00edlia de volunt\u00e1rios da EduMais no Rio! Empodere jovens das favelas com educa\u00e7\u00e3o gratuita, habilidades para a vida e Disciplina Positiva.\" \/>\n<meta name=\"robots\" content=\"index, follow, max-snippet:-1, max-image-preview:large, max-video-preview:-1\" \/>\n<link rel=\"canonical\" href=\"https:\/\/edumais.org\/pt-br\/missao\/voluntarios-edumais-ensine-empodere-e-inspire-jovens-das-favelas-no-rio-de-janeiro\/\" \/>\n<meta property=\"og:locale\" content=\"pt_BR\" \/>\n<meta property=\"og:type\" content=\"article\" \/>\n<meta property=\"og:title\" content=\"Nossos Volunt\u00e1rios - EduMais\" \/>\n<meta property=\"og:description\" content=\"Junte-se \u00e0 fam\u00edlia de volunt\u00e1rios da EduMais no Rio! Empodere jovens das favelas com educa\u00e7\u00e3o gratuita, habilidades para a vida e Disciplina Positiva.\" \/>\n<meta property=\"og:url\" content=\"https:\/\/edumais.org\/pt-br\/missao\/voluntarios-edumais-ensine-empodere-e-inspire-jovens-das-favelas-no-rio-de-janeiro\/\" \/>\n<meta property=\"og:site_name\" content=\"EduMais\" \/>\n<meta property=\"article:publisher\" content=\"https:\/\/www.facebook.com\/edumais.org\/\" \/>\n<meta property=\"article:modified_time\" content=\"2025-10-07T13:36:03+00:00\" \/>\n<meta property=\"og:image\" content=\"https:\/\/edumais.org\/wp-content\/uploads\/2017\/11\/Home-Banner1-e1588113485474.jpg\" \/>\n\t<meta property=\"og:image:width\" content=\"468\" \/>\n\t<meta property=\"og:image:height\" content=\"167\" \/>\n\t<meta property=\"og:image:type\" content=\"image\/jpeg\" \/>\n<meta name=\"twitter:card\" content=\"summary_large_image\" \/>\n<meta name=\"twitter:label1\" content=\"Est. tempo de leitura\" \/>\n\t<meta name=\"twitter:data1\" content=\"1 minuto\" \/>\n<script type=\"application\/ld+json\" class=\"yoast-schema-graph\">{\"@context\":\"https:\\\/\\\/schema.org\",\"@graph\":[{\"@type\":\"WebPage\",\"@id\":\"https:\\\/\\\/edumais.org\\\/pt-br\\\/missao\\\/voluntarios-edumais-ensine-empodere-e-inspire-jovens-das-favelas-no-rio-de-janeiro\\\/\",\"url\":\"https:\\\/\\\/edumais.org\\\/pt-br\\\/missao\\\/voluntarios-edumais-ensine-empodere-e-inspire-jovens-das-favelas-no-rio-de-janeiro\\\/\",\"name\":\"Nossos Volunt\u00e1rios - EduMais\",\"isPartOf\":{\"@id\":\"https:\\\/\\\/edumais.org\\\/pt-br\\\/#website\"},\"datePublished\":\"2020-06-10T12:30:13+00:00\",\"dateModified\":\"2025-10-07T13:36:03+00:00\",\"description\":\"Junte-se \u00e0 fam\u00edlia de volunt\u00e1rios da EduMais no Rio! Empodere jovens das favelas com educa\u00e7\u00e3o gratuita, habilidades para a vida e Disciplina Positiva.\",\"breadcrumb\":{\"@id\":\"https:\\\/\\\/edumais.org\\\/pt-br\\\/missao\\\/voluntarios-edumais-ensine-empodere-e-inspire-jovens-das-favelas-no-rio-de-janeiro\\\/#breadcrumb\"},\"inLanguage\":\"pt-BR\",\"potentialAction\":[{\"@type\":\"ReadAction\",\"target\":[\"https:\\\/\\\/edumais.org\\\/pt-br\\\/missao\\\/voluntarios-edumais-ensine-empodere-e-inspire-jovens-das-favelas-no-rio-de-janeiro\\\/\"]}]},{\"@type\":\"BreadcrumbList\",\"@id\":\"https:\\\/\\\/edumais.org\\\/pt-br\\\/missao\\\/voluntarios-edumais-ensine-empodere-e-inspire-jovens-das-favelas-no-rio-de-janeiro\\\/#breadcrumb\",\"itemListElement\":[{\"@type\":\"ListItem\",\"position\":1,\"name\":\"Home\",\"item\":\"https:\\\/\\\/edumais.org\\\/pt-br\\\/\"},{\"@type\":\"ListItem\",\"position\":2,\"name\":\"Miss\u00e3o\",\"item\":\"https:\\\/\\\/edumais.org\\\/pt-br\\\/missao\\\/\"},{\"@type\":\"ListItem\",\"position\":3,\"name\":\"Nossos Volunt\u00e1rios\"}]},{\"@type\":\"WebSite\",\"@id\":\"https:\\\/\\\/edumais.org\\\/pt-br\\\/#website\",\"url\":\"https:\\\/\\\/edumais.org\\\/pt-br\\\/\",\"name\":\"EduMais\",\"description\":\"Volunteer organization in Rio de Janeiro, Brazil, South America\",\"publisher\":{\"@id\":\"https:\\\/\\\/edumais.org\\\/pt-br\\\/#organization\"},\"potentialAction\":[{\"@type\":\"SearchAction\",\"target\":{\"@type\":\"EntryPoint\",\"urlTemplate\":\"https:\\\/\\\/edumais.org\\\/pt-br\\\/?s={search_term_string}\"},\"query-input\":{\"@type\":\"PropertyValueSpecification\",\"valueRequired\":true,\"valueName\":\"search_term_string\"}}],\"inLanguage\":\"pt-BR\"},{\"@type\":\"Organization\",\"@id\":\"https:\\\/\\\/edumais.org\\\/pt-br\\\/#organization\",\"name\":\"EduMais\",\"url\":\"https:\\\/\\\/edumais.org\\\/pt-br\\\/\",\"logo\":{\"@type\":\"ImageObject\",\"inLanguage\":\"pt-BR\",\"@id\":\"https:\\\/\\\/edumais.org\\\/pt-br\\\/#\\\/schema\\\/logo\\\/image\\\/\",\"url\":\"https:\\\/\\\/edumais.org\\\/wp-content\\\/uploads\\\/2016\\\/01\\\/edumais_logo_vector-as-Smart-Object-1.png\",\"contentUrl\":\"https:\\\/\\\/edumais.org\\\/wp-content\\\/uploads\\\/2016\\\/01\\\/edumais_logo_vector-as-Smart-Object-1.png\",\"width\":761,\"height\":361,\"caption\":\"EduMais\"},\"image\":{\"@id\":\"https:\\\/\\\/edumais.org\\\/pt-br\\\/#\\\/schema\\\/logo\\\/image\\\/\"},\"sameAs\":[\"https:\\\/\\\/www.facebook.com\\\/edumais.org\\\/\",\"https:\\\/\\\/www.instagram.com\\\/edumaisrio\\\/?hl=en\",\"https:\\\/\\\/www.linkedin.com\\\/company\\\/edumais.org\\\/\",\"https:\\\/\\\/www.youtube.com\\\/channel\\\/UClbmo2QCD_6JH5iGGEoadag\"]}]}<\/script>\n<!-- \/ Yoast SEO plugin. -->","yoast_head_json":{"title":"Nossos Volunt\u00e1rios - EduMais","description":"Junte-se \u00e0 fam\u00edlia de volunt\u00e1rios da EduMais no Rio! Empodere jovens das favelas com educa\u00e7\u00e3o gratuita, habilidades para a vida e Disciplina Positiva.","robots":{"index":"index","follow":"follow","max-snippet":"max-snippet:-1","max-image-preview":"max-image-preview:large","max-video-preview":"max-video-preview:-1"},"canonical":"https:\/\/edumais.org\/pt-br\/missao\/voluntarios-edumais-ensine-empodere-e-inspire-jovens-das-favelas-no-rio-de-janeiro\/","og_locale":"pt_BR","og_type":"article","og_title":"Nossos Volunt\u00e1rios - EduMais","og_description":"Junte-se \u00e0 fam\u00edlia de volunt\u00e1rios da EduMais no Rio! Empodere jovens das favelas com educa\u00e7\u00e3o gratuita, habilidades para a vida e Disciplina Positiva.","og_url":"https:\/\/edumais.org\/pt-br\/missao\/voluntarios-edumais-ensine-empodere-e-inspire-jovens-das-favelas-no-rio-de-janeiro\/","og_site_name":"EduMais","article_publisher":"https:\/\/www.facebook.com\/edumais.org\/","article_modified_time":"2025-10-07T13:36:03+00:00","og_image":[{"width":468,"height":167,"url":"https:\/\/edumais.org\/wp-content\/uploads\/2017\/11\/Home-Banner1-e1588113485474.jpg","type":"image\/jpeg"}],"twitter_card":"summary_large_image","twitter_misc":{"Est. tempo de leitura":"1 minuto"},"schema":{"@context":"https:\/\/schema.org","@graph":[{"@type":"WebPage","@id":"https:\/\/edumais.org\/pt-br\/missao\/voluntarios-edumais-ensine-empodere-e-inspire-jovens-das-favelas-no-rio-de-janeiro\/","url":"https:\/\/edumais.org\/pt-br\/missao\/voluntarios-edumais-ensine-empodere-e-inspire-jovens-das-favelas-no-rio-de-janeiro\/","name":"Nossos Volunt\u00e1rios - EduMais","isPartOf":{"@id":"https:\/\/edumais.org\/pt-br\/#website"},"datePublished":"2020-06-10T12:30:13+00:00","dateModified":"2025-10-07T13:36:03+00:00","description":"Junte-se \u00e0 fam\u00edlia de volunt\u00e1rios da EduMais no Rio! Empodere jovens das favelas com educa\u00e7\u00e3o gratuita, habilidades para a vida e Disciplina Positiva.","breadcrumb":{"@id":"https:\/\/edumais.org\/pt-br\/missao\/voluntarios-edumais-ensine-empodere-e-inspire-jovens-das-favelas-no-rio-de-janeiro\/#breadcrumb"},"inLanguage":"pt-BR","potentialAction":[{"@type":"ReadAction","target":["https:\/\/edumais.org\/pt-br\/missao\/voluntarios-edumais-ensine-empodere-e-inspire-jovens-das-favelas-no-rio-de-janeiro\/"]}]},{"@type":"BreadcrumbList","@id":"https:\/\/edumais.org\/pt-br\/missao\/voluntarios-edumais-ensine-empodere-e-inspire-jovens-das-favelas-no-rio-de-janeiro\/#breadcrumb","itemListElement":[{"@type":"ListItem","position":1,"name":"Home","item":"https:\/\/edumais.org\/pt-br\/"},{"@type":"ListItem","position":2,"name":"Miss\u00e3o","item":"https:\/\/edumais.org\/pt-br\/missao\/"},{"@type":"ListItem","position":3,"name":"Nossos Volunt\u00e1rios"}]},{"@type":"WebSite","@id":"https:\/\/edumais.org\/pt-br\/#website","url":"https:\/\/edumais.org\/pt-br\/","name":"EduMais","description":"Volunteer organization in Rio de Janeiro, Brazil, South America","publisher":{"@id":"https:\/\/edumais.org\/pt-br\/#organization"},"potentialAction":[{"@type":"SearchAction","target":{"@type":"EntryPoint","urlTemplate":"https:\/\/edumais.org\/pt-br\/?s={search_term_string}"},"query-input":{"@type":"PropertyValueSpecification","valueRequired":true,"valueName":"search_term_string"}}],"inLanguage":"pt-BR"},{"@type":"Organization","@id":"https:\/\/edumais.org\/pt-br\/#organization","name":"EduMais","url":"https:\/\/edumais.org\/pt-br\/","logo":{"@type":"ImageObject","inLanguage":"pt-BR","@id":"https:\/\/edumais.org\/pt-br\/#\/schema\/logo\/image\/","url":"https:\/\/edumais.org\/wp-content\/uploads\/2016\/01\/edumais_logo_vector-as-Smart-Object-1.png","contentUrl":"https:\/\/edumais.org\/wp-content\/uploads\/2016\/01\/edumais_logo_vector-as-Smart-Object-1.png","width":761,"height":361,"caption":"EduMais"},"image":{"@id":"https:\/\/edumais.org\/pt-br\/#\/schema\/logo\/image\/"},"sameAs":["https:\/\/www.facebook.com\/edumais.org\/","https:\/\/www.instagram.com\/edumaisrio\/?hl=en","https:\/\/www.linkedin.com\/company\/edumais.org\/","https:\/\/www.youtube.com\/channel\/UClbmo2QCD_6JH5iGGEoadag"]}]}},"campaignId":"","_links":{"self":[{"href":"https:\/\/edumais.org\/pt-br\/wp-json\/wp\/v2\/pages\/7259","targetHints":{"allow":["GET"]}}],"collection":[{"href":"https:\/\/edumais.org\/pt-br\/wp-json\/wp\/v2\/pages"}],"about":[{"href":"https:\/\/edumais.org\/pt-br\/wp-json\/wp\/v2\/types\/page"}],"author":[{"embeddable":true,"href":"https:\/\/edumais.org\/pt-br\/wp-json\/wp\/v2\/users\/5"}],"replies":[{"embeddable":true,"href":"https:\/\/edumais.org\/pt-br\/wp-json\/wp\/v2\/comments?post=7259"}],"version-history":[{"count":10,"href":"https:\/\/edumais.org\/pt-br\/wp-json\/wp\/v2\/pages\/7259\/revisions"}],"predecessor-version":[{"id":14758,"href":"https:\/\/edumais.org\/pt-br\/wp-json\/wp\/v2\/pages\/7259\/revisions\/14758"}],"up":[{"embeddable":true,"href":"https:\/\/edumais.org\/pt-br\/wp-json\/wp\/v2\/pages\/6846"}],"wp:attachment":[{"href":"https:\/\/edumais.org\/pt-br\/wp-json\/wp\/v2\/media?parent=7259"}],"curies":[{"name":"wp","href":"https:\/\/api.w.org\/{rel}","templated":true}]}}